{"id":407,"date":"2012-04-25T12:05:28","date_gmt":"2012-04-25T15:05:28","guid":{"rendered":"http:\/\/www.fotoplus.com\/acesso\/?page_id=407"},"modified":"2022-03-05T22:35:19","modified_gmt":"2022-03-06T01:35:19","slug":"historia","status":"publish","type":"page","link":"https:\/\/www.fotoplus.com\/acesso\/?page_id=407","title":{"rendered":"Hist\u00f3ria \/ Historiografia \/ Teoria da Hist\u00f3ria"},"content":{"rendered":"\n<p class=\"has-medium-font-size\">Os links relacionados envolvem projetos sobre hist\u00f3ria social de forma abrangente. Note que boa parte das indica\u00e7\u00f5es s\u00e3o processadas em geral em p\u00e1ginas tem\u00e1ticas mais precisas.<br><br>Veja em destaque, logo abaixo: <strong>Revistas acad\u00eamicas<\/strong><br><\/p>\n\n\n\n<hr class=\"wp-block-separator is-style-wide\"\/>\n\n\n\n<p class=\"has-medium-font-size\"><strong>Hist\u00f3ria do Brasil<\/strong> (tem\u00e1ticos)<\/p>\n\n\n\n<p><a title=\"APESP-DEOPS\" href=\"http:\/\/www.fotoplus.com\/acesso\/?p=488\">APESP-Mem\u00f3ria Pol\u00edtica: DEOPS<\/a><\/p>\n\n\n\n<p><a title=\"Jos\u00e9 Bonif\u00e1cio - Obra Completa\" href=\"http:\/\/www.fotoplus.com\/acesso\/?p=405\">Jos\u00e9 Bonif\u00e1cio &#8211; Obra Completa<\/a><br><\/p>\n\n\n\n<hr class=\"wp-block-separator\"\/>\n\n\n\n<p class=\"has-medium-font-size\"><strong>Hist\u00f3ria Social<\/strong> (tem\u00e1ticos)<\/p>\n\n\n\n<p><a href=\"http:\/\/fotoplus.com\/acesso\/?p=698\">Bixiga: artes e of\u00edcios<\/a><\/p>\n\n\n\n<p><a title=\"Museu Judaico de S\u00e3o Paulo\" href=\"http:\/\/fotoplus.com\/acesso\/?p=589\">Museu Judaico de S\u00e3o Paulo<\/a><br><\/p>\n\n\n\n<hr class=\"wp-block-separator\"\/>\n\n\n\n<p class=\"has-medium-font-size\">R<strong>evistas acad\u00eamicas<\/strong><\/p>\n\n\n\n<p><br>.<strong>Aedos <\/strong>(UFRGS, PPG Hist\u00f3ria, 2008-corrente, semestral)<br><a rel=\"noreferrer noopener\" href=\"https:\/\/seer.ufrgs.br\/aedos\" target=\"_blank\">https:\/\/seer.ufrgs.br\/aedos<\/a><br><br>.<strong>Anais do Museu Paulista<\/strong> (USP, MP-USP, 1922-corrente, periodicidade vari\u00e1vel)<br><a rel=\"noreferrer noopener\" href=\"http:\/\/anais.mp.usp.br\/\" target=\"_blank\">http:\/\/anais.mp.usp.br\/<\/a> (links diretos)<br><a rel=\"noreferrer noopener\" href=\"http:\/\/www.mp.usp.br\/publicacoes\/anais-do-museu-paulista\" target=\"_blank\">http:\/\/www.mp.usp.br\/publicacoes\/anais-do-museu-paulista<\/a><br><a href=\"https:\/\/www.scielo.br\/scielo.php?script=sci_serial&amp;pid=0101-4714&amp;lng=pt&amp;nrm=iso\"><\/a><a rel=\"noreferrer noopener\" href=\"https:\/\/www.scielo.br\/scielo.php?script=sci_serial&amp;pid=0101-4714&amp;lng=pt&amp;nrm=iso\" target=\"_blank\">https:\/\/www.scielo.br\/scielo.php?script=sci_serial&amp;pid=0101-4714&amp;lng=pt&amp;nrm=iso<\/a><br><br>.<strong>Anos 90<\/strong> (UFRGS, PPG Hist\u00f3ria, 1993, anual,  com varia\u00e7\u00f5es)<br><a rel=\"noreferrer noopener\" href=\"https:\/\/seer.ufrgs.br\/anos90\" target=\"_blank\">https:\/\/seer.ufrgs.br\/anos90<\/a><br><br>.<strong>Ant\u00edtesis    <\/strong>(UEL, PPG Hist\u00f3ria Social, 2008-corrente, semestral)<br><a rel=\"noreferrer noopener\" href=\"http:\/\/www.uel.br\/revistas\/uel\/index.php\/antiteses\" target=\"_blank\">http:\/\/www.uel.br\/revistas\/uel\/index.php\/antiteses<\/a> (link direto)<br><br>.<strong>Di\u00e1logos <\/strong>(UEM, Departamento de Hist\u00f3ria,  1997-corrente, quadrimestral)<br><a rel=\"noreferrer noopener\" href=\"http:\/\/periodicos.uem.br\/ojs\/index.php\/Dialogos\" target=\"_blank\">http:\/\/periodicos.uem.br\/ojs\/index.php\/Dialogos<\/a> (link direto)<br><br>.<strong>Hist\u00f3ria: quest\u00f5es &amp; debate<\/strong>s (UFPR, PPGHIS, 1980-corrente, semestral)<br><a rel=\"noreferrer noopener\" href=\"https:\/\/revistas.ufpr.br\/historia\" target=\"_blank\">https:\/\/revistas.ufpr.br\/historia<\/a> (link direto)<\/p>\n\n\n\n<p>.<strong>Hist\u00f3ria da Historiografia <\/strong>(Sociedade Brasileira de Teoria e Hist\u00f3ria da Historiografia (<a rel=\"noreferrer noopener\" href=\"http:\/\/www.sbthh.org.br\" target=\"_blank\">SBTHH<\/a>, *2009), PPG Hist\u00f3ria-UNIRIO, PPG Hist\u00f3ria &#8211; UFOP, 2008-corrente, quadrimestral)<br><a rel=\"noreferrer noopener\" href=\"https:\/\/historiadahistoriografia.com.br\/revista\" target=\"_blank\">https:\/\/historiadahistoriografia.com.br\/revista<\/a> (link direto)<br><br>.<strong>Hist\u00f3ria Hoje<\/strong> (ANPUH, 2003-corrente, periodicidade irregular, hoje semestral)<br><a href=\"https:\/\/anpuh.org.br\/index.php\/revistas-anpuh\/revista-historia-hoje-i\" target=\"_blank\" rel=\"noreferrer noopener\">https:\/\/anpuh.org.br\/index.php\/revistas-anpuh\/revista-historia-hoje-i<\/a><\/p>\n\n\n\n<p>.<strong>Hist\u00f3ria Social<\/strong> (UNICAMP, PPG Hist\u00f3ria-IFCH, 1994-corrente, anual, depois semestral)<br><a rel=\"noreferrer noopener\" href=\"https:\/\/www.ifch.unicamp.br\/ojs\/index.php\/rhs\/index\" target=\"_blank\">https:\/\/www.ifch.unicamp.br\/ojs\/index.php\/rhs\/index<\/a> (link direto)<br><br>.<strong>Locus: Revista de Hist\u00f3ria<\/strong> (UFJF, PPG Hist\u00f3ra, 1995-corrente, semestral)<br><a rel=\"noreferrer noopener\" href=\"https:\/\/periodicos.ufjf.br\/index.php\/locus\/index\" target=\"_blank\">https:\/\/periodicos.ufjf.br\/index.php\/locus\/index<\/a> (link direto)<\/p>\n\n\n\n<p>.<strong>LPH &#8211; Revista de Hist\u00f3ria da UFOP <\/strong>(1990-2010, encerrada)<br>Laborat\u00f3rio de Pesquisa, Ensino e Extens\u00e3o em Hist\u00f3ria<br><a rel=\"noreferrer noopener\" href=\"https:\/\/lph.ichs.ufop.br\/lph-revista-de-hist\u00f3ria\/lph-revista-de-hist\u00f3ria\" target=\"_blank\">https:\/\/lph.ichs.ufop.br\/lph-revista-de-hist\u00f3ria\/lph-revista-de-hist\u00f3ria<\/a><br><br>.<strong>Opsis <\/strong>(Revista Opsis) (UFG, Regional Catal\u00e3o, 2001-corrente, semestral)<br><a rel=\"noreferrer noopener\" href=\"https:\/\/www.revistas.ufg.br\/Opsis\" target=\"_blank\">https:\/\/www.revistas.ufg.br\/Opsis<\/a> (link direto)<br><br>P<strong>rojeto Hist\u00f3ria<\/strong> (PUC-SP, PPG Hist\u00f3ria, 1981-corrente, periodicidade vari\u00e1vel: atualmente, quadrimestral)<br><a rel=\"noreferrer noopener\" href=\"https:\/\/revistas.pucsp.br\/index.php\/revph\" target=\"_blank\">https:\/\/revistas.pucsp.br\/index.php\/revph <\/a> (link direto)<br><br>.<strong>Revista Brasileira de Hist\u00f3ria <\/strong>(<a rel=\"noreferrer noopener\" href=\"https:\/\/anpuh.org.br\" target=\"_blank\"><strong>ANPUH<\/strong>,<\/a> 1978-corrente, periodicidade semestral)<br><a rel=\"noreferrer noopener\" href=\"https:\/\/anpuh.org.br\/index.php\/revistas-anpuh\/rbh\" target=\"_blank\">https:\/\/anpuh.org.br\/index.php\/revistas-anpuh\/rbh<\/a> (link direto)<br><br>.<strong>Revista de Hist\u00f3ria<\/strong> (USP, Departamento de Hist\u00f3ria, 1950-corrente, periodicidade vari\u00e1vel)<br><a rel=\"noreferrer noopener\" href=\"https:\/\/revhistoria.usp.br\/index.php\" target=\"_blank\">https:\/\/revhistoria.usp.br\/index.php <\/a>(link direto)<br><br>.<strong>Revista de Hist\u00f3ria Comparada<\/strong> (UFRJ, PPG Hist\u00f3ria Comparada, 2007-corrente, semestral)<br><a rel=\"noreferrer noopener\" href=\"https:\/\/revistas.ufrj.br\/index.php\/RevistaHistoriaComparada\" target=\"_blank\">https:\/\/revistas.ufrj.br\/index.php\/RevistaHistoriaComparada<\/a> (link direto)<\/p>\n\n\n\n<p>.<strong>Revista de Teoria da Hist\u00f3ria<\/strong> (UFG, 2009-corrente, semestral)<br><a rel=\"noreferrer noopener\" href=\"https:\/\/www.revistas.ufg.br\/teoria\" target=\"_blank\">https:\/\/www.revistas.ufg.br\/teoria<\/a> (link direto)<\/p>\n\n\n\n<p>.<strong>Revista Estudos Hist\u00f3ricos<\/strong> (Escola de Ci\u00eancias Sociais-FGV, 1988-corrente, quadrimestral)<br><a rel=\"noreferrer noopener\" href=\"http:\/\/bibliotecadigital.fgv.br\/ojs\/index.php\/reh\" target=\"_blank\">http:\/\/bibliotecadigital.fgv.br\/ojs\/index.php\/reh<\/a><br><br>.<strong>Revista Hist\u00f3ria, Hist\u00f3rias <\/strong>(UnB, PPG Hist\u00f3ria, 2013-corrente, semestral)<br><a rel=\"noreferrer noopener\" href=\"https:\/\/periodicos.unb.br\/index.php\/hh\/index\" target=\"_blank\">https:\/\/periodicos.unb.br\/index.php\/hh\/index<\/a><br><br>.<strong>Revista Tempo e Argumento<\/strong> (UDESC, PPG Hist\u00f3ria, 2009-correne, quadrimestral)<br><a rel=\"noreferrer noopener\" href=\"https:\/\/www.revistas.udesc.br\/index.php\/tempo\" target=\"_blank\">https:\/\/www.revistas.udesc.br\/index.php\/tempo<\/a> (link direto)<\/p>\n\n\n\n<p><strong>.Varia Historia<\/strong> (UFMG, PPG Hist\u00f3ria (1985-corrente, quadrimestral a partir de 2014) (originalmente <em>Revista do Departamento de Hist\u00f3ria da Universidade Federal de Minas Gerais<\/em>)<br><a rel=\"noreferrer noopener\" href=\"http:\/\/www.scielo.br\/scielo.php?script=sci_serial&amp;pid=0104-8775\" target=\"_blank\">http:\/\/www.scielo.br\/scielo.php?script=sci_serial&amp;pid=0104-8775<\/a> (link direto)<br><br>.<strong>Topoi: revista de hist\u00f3ria<\/strong> (UFRJ, PPG Hist\u00f3ria Social, 2000-corrente, periodicidade vari\u00e1vel)<br><a rel=\"noreferrer noopener\" href=\"https:\/\/revistatopoi.org\" target=\"_blank\">https:\/\/revistatopoi.org<\/a> (link direto)<br><\/p>\n\n\n\n<p><br><\/p>\n\n\n\n<p><\/p>\n","protected":false},"excerpt":{"rendered":"<p>Os links relacionados envolvem projetos sobre hist\u00f3ria social de forma abrangente. Note que boa parte das indica\u00e7\u00f5es s\u00e3o processadas em geral em p\u00e1ginas tem\u00e1ticas mais precisas. Veja em destaque, logo abaixo: Revistas acad\u00eamicas Hist\u00f3ria do Brasil (tem\u00e1ticos) APESP-Mem\u00f3ria Pol\u00edtica: DEOPS Jos\u00e9 Bonif\u00e1cio &#8211; Obra Completa Hist\u00f3ria Social (tem\u00e1ticos) Bixiga: artes e of\u00edcios Museu Judaico de &hellip; <a href=\"https:\/\/www.fotoplus.com\/acesso\/?page_id=407\" class=\"more-link\">Continue lendo<span class=\"screen-reader-text\"> &#8220;Hist\u00f3ria \/ Historiografia \/ Teoria da Hist\u00f3ria&#8221;<\/span><\/a><\/p>\n","protected":false},"author":1,"featured_media":0,"parent":0,"menu_order":0,"comment_status":"closed","ping_status":"closed","template":"","meta":{"footnotes":""},"class_list":["post-407","page","type-page","status-publish","hentry"],"_links":{"self":[{"href":"https:\/\/www.fotoplus.com\/acesso\/index.php?rest_route=\/wp\/v2\/pages\/407","targetHints":{"allow":["GET"]}}],"collection":[{"href":"https:\/\/www.fotoplus.com\/acesso\/index.php?rest_route=\/wp\/v2\/pages"}],"about":[{"href":"https:\/\/www.fotoplus.com\/acesso\/index.php?rest_route=\/wp\/v2\/types\/page"}],"author":[{"embeddable":true,"href":"https:\/\/www.fotoplus.com\/acesso\/index.php?rest_route=\/wp\/v2\/users\/1"}],"replies":[{"embeddable":true,"href":"https:\/\/www.fotoplus.com\/acesso\/index.php?rest_route=%2Fwp%2Fv2%2Fcomments&post=407"}],"version-history":[{"count":38,"href":"https:\/\/www.fotoplus.com\/acesso\/index.php?rest_route=\/wp\/v2\/pages\/407\/revisions"}],"predecessor-version":[{"id":1239,"href":"https:\/\/www.fotoplus.com\/acesso\/index.php?rest_route=\/wp\/v2\/pages\/407\/revisions\/1239"}],"wp:attachment":[{"href":"https:\/\/www.fotoplus.com\/acesso\/index.php?rest_route=%2Fwp%2Fv2%2Fmedia&parent=407"}],"curies":[{"name":"wp","href":"https:\/\/api.w.org\/{rel}","templated":true}]}}